{"id":1610,"date":"2025-02-21T07:00:30","date_gmt":"2025-02-21T05:00:30","guid":{"rendered":"https:\/\/summayhdistys.fi\/?post_type=product&#038;p=1610"},"modified":"2025-08-25T23:28:26","modified_gmt":"2025-08-25T20:28:26","slug":"1610","status":"publish","type":"product","link":"https:\/\/summayhdistys.fi\/6D4iE\/tuote\/1610\/","title":{"rendered":"Profeettamme Muhammad(scw), Medinan vaihe osa 1"},"content":{"rendered":"","protected":false},"excerpt":{"rendered":"<p><span class=\"OYPEnA font-feature-liga-off font-feature-clig-off font-feature-calt-off text-decoration-none text-strikethrough-none\">Profeetan el\u00e4m\u00e4kerta kertoo parhaasta ihmisest\u00e4, joka on k\u00e4vellyt maan p\u00e4\u00e4ll\u00e4. H\u00e4nen el\u00e4m\u00e4ns\u00e4, sanansa ja tekonsa ovat k\u00e4yt\u00e4nn\u00f6n esimerkki siit\u00e4, miten Allah tahtoo meid\u00e4n el\u00e4v\u00e4n. T\u00e4m\u00e4 Profeettamme Muhammad (SAW) <\/span><span class=\"OYPEnA font-feature-liga-off font-feature-clig-off font-feature-calt-off text-decoration-none text-strikethrough-none\">kirjasarjan toinen osa k\u00e4sittelee Profeetan el\u00e4m\u00e4kertaa Medinan vaiheen aikana. T\u00e4m\u00e4 vaihe eroaa Mekan-vaiheesta siten, ett\u00e4 siin\u00e4 on erilaisia teht\u00e4vi\u00e4, opetuksia ja pohdintateht\u00e4vi\u00e4.<\/span><\/p>\n<p><span class=\"OYPEnA text-decoration-none text-strikethrough-none\">Teksti:<\/span><\/p>\n<p><span class=\"OYPEnA text-decoration-none text-strikethrough-none\">AbdulAziz Heinonen<\/span><\/p>\n<p><span class=\"OYPEnA text-decoration-none text-strikethrough-none\">Islamilaisen oikeustieteen maisteri, Medinan yliopisto<\/span><\/p>\n<p><span class=\"OYPEnA text-decoration-none text-strikethrough-none\">Aso Mohammadi<\/span><\/p>\n<p><span class=\"OYPEnA text-decoration-none text-strikethrough-none\">Islamin tieteiden maisteri<\/span><\/p>\n<p><span class=\"OYPEnA text-decoration-none text-strikethrough-none\">Medinan yliopisto &amp;<\/span> Gaziosmanpa\u015fa \u00dcniversitesi<span class=\"OYPEnA text-decoration-none text-strikethrough-none\">, T\u00fcrkiye<\/span><\/p>\n<p><span class=\"OYPEnA text-decoration-none text-strikethrough-none\">ISBN: <span class=\"OYPEnA font-feature-liga-off font-feature-clig-off font-feature-calt-off text-decoration-none text-strikethrough-none\">978-952-65425-7-7<\/span><\/span><\/p>\n<p><span class=\"OYPEnA text-decoration-none text-strikethrough-none\">Painettu Suomessa<\/span><\/p>\n<p>&nbsp;<\/p>\n","protected":false},"featured_media":1629,"template":"","meta":[],"product_cat":[16,21],"product_tag":[],"yoast_head":"<title>Profeettamme Muhammad(scw), Medinan vaihe osa 1 - T&auml;hti&amp;Kuu Books<\/title>\n<meta name=\"robots\" content=\"index, follow, max-snippet:-1, max-image-preview:large, max-video-preview:-1\" \/>\n<link rel=\"canonical\" href=\"https:\/\/summayhdistys.fi\/6D4iE\/tuote\/1610\/\" \/>\n<meta property=\"og:locale\" content=\"fi_FI\" \/>\n<meta property=\"og:type\" content=\"article\" \/>\n<meta property=\"og:title\" content=\"Profeettamme Muhammad(scw), Medinan vaihe osa 1 - T&auml;hti&amp;Kuu Books\" \/>\n<meta property=\"og:description\" content=\"Profeetan el\u00e4m\u00e4kerta kertoo parhaasta ihmisest\u00e4, joka on k\u00e4vellyt maan p\u00e4\u00e4ll\u00e4. H\u00e4nen el\u00e4m\u00e4ns\u00e4, sanansa ja tekonsa ovat k\u00e4yt\u00e4nn\u00f6n esimerkki siit\u00e4, miten Allah tahtoo meid\u00e4n el\u00e4v\u00e4n. T\u00e4m\u00e4 Profeettamme Muhammad (SAW) kirjasarjan toinen osa k\u00e4sittelee Profeetan el\u00e4m\u00e4kertaa Medinan vaiheen aikana. T\u00e4m\u00e4 vaihe eroaa Mekan-vaiheesta siten, ett\u00e4 siin\u00e4 on erilaisia teht\u00e4vi\u00e4, opetuksia ja pohdintateht\u00e4vi\u00e4.  Teksti:  AbdulAziz Heinonen  Islamilaisen oikeustieteen maisteri, Medinan yliopisto  Aso Mohammadi  Islamin tieteiden maisteri  Medinan yliopisto &amp; Gaziosmanpa\u015fa \u00dcniversitesi, T\u00fcrkiye  ISBN: 978-952-65425-7-7  Painettu Suomessa  &nbsp;\" \/>\n<meta property=\"og:url\" content=\"https:\/\/summayhdistys.fi\/6D4iE\/tuote\/1610\/\" \/>\n<meta property=\"og:site_name\" content=\"T&auml;hti&amp;Kuu Books\" \/>\n<meta property=\"article:publisher\" content=\"https:\/\/facebook.com\/tahtikuubooks\" \/>\n<meta property=\"article:modified_time\" content=\"2025-08-25T20:28:26+00:00\" \/>\n<meta property=\"og:image\" content=\"https:\/\/summayhdistys.fi\/6D4iE\/wp-content\/uploads\/2025\/02\/WhatsApp-Image-2025-03-05-at-08.31.48.jpeg\" \/>\n\t<meta property=\"og:image:width\" content=\"1280\" \/>\n\t<meta property=\"og:image:height\" content=\"1001\" \/>\n\t<meta property=\"og:image:type\" content=\"image\/jpeg\" \/>\n<meta name=\"twitter:card\" content=\"summary_large_image\" \/>\n<script type=\"application\/ld+json\" class=\"yoast-schema-graph\">{\"@context\":\"https:\/\/schema.org\",\"@graph\":[{\"@type\":\"WebPage\",\"@id\":\"https:\/\/summayhdistys.fi\/6D4iE\/tuote\/1610\/\",\"url\":\"https:\/\/summayhdistys.fi\/6D4iE\/tuote\/1610\/\",\"name\":\"Profeettamme Muhammad(scw), Medinan vaihe osa 1 - T&auml;hti&amp;Kuu Books\",\"isPartOf\":{\"@id\":\"https:\/\/summayhdistys.fi\/6D4iE\/#website\"},\"primaryImageOfPage\":{\"@id\":\"https:\/\/summayhdistys.fi\/6D4iE\/tuote\/1610\/#primaryimage\"},\"image\":{\"@id\":\"https:\/\/summayhdistys.fi\/6D4iE\/tuote\/1610\/#primaryimage\"},\"thumbnailUrl\":\"https:\/\/summayhdistys.fi\/6D4iE\/wp-content\/uploads\/2025\/02\/WhatsApp-Image-2025-03-05-at-08.31.48.jpeg\",\"datePublished\":\"2025-02-21T05:00:30+00:00\",\"dateModified\":\"2025-08-25T20:28:26+00:00\",\"breadcrumb\":{\"@id\":\"https:\/\/summayhdistys.fi\/6D4iE\/tuote\/1610\/#breadcrumb\"},\"inLanguage\":\"fi\",\"potentialAction\":[{\"@type\":\"ReadAction\",\"target\":[\"https:\/\/summayhdistys.fi\/6D4iE\/tuote\/1610\/\"]}]},{\"@type\":\"ImageObject\",\"inLanguage\":\"fi\",\"@id\":\"https:\/\/summayhdistys.fi\/6D4iE\/tuote\/1610\/#primaryimage\",\"url\":\"https:\/\/summayhdistys.fi\/6D4iE\/wp-content\/uploads\/2025\/02\/WhatsApp-Image-2025-03-05-at-08.31.48.jpeg\",\"contentUrl\":\"https:\/\/summayhdistys.fi\/6D4iE\/wp-content\/uploads\/2025\/02\/WhatsApp-Image-2025-03-05-at-08.31.48.jpeg\",\"width\":1280,\"height\":1001},{\"@type\":\"BreadcrumbList\",\"@id\":\"https:\/\/summayhdistys.fi\/6D4iE\/tuote\/1610\/#breadcrumb\",\"itemListElement\":[{\"@type\":\"ListItem\",\"position\":1,\"name\":\"Etusivu\",\"item\":\"https:\/\/summayhdistys.fi\/6D4iE\/\"},{\"@type\":\"ListItem\",\"position\":2,\"name\":\"Kauppa-old\",\"item\":\"https:\/\/summayhdistys.fi\/6D4iE\/kauppa-old\/\"},{\"@type\":\"ListItem\",\"position\":3,\"name\":\"Profeettamme Muhammad(scw), Medinan vaihe osa 1\"}]},{\"@type\":\"WebSite\",\"@id\":\"https:\/\/summayhdistys.fi\/6D4iE\/#website\",\"url\":\"https:\/\/summayhdistys.fi\/6D4iE\/\",\"name\":\"T&auml;hti&amp;Kuu Books\",\"description\":\"T&auml;hti&amp;Kuu Books\",\"publisher\":{\"@id\":\"https:\/\/summayhdistys.fi\/6D4iE\/#organization\"},\"potentialAction\":[{\"@type\":\"SearchAction\",\"target\":{\"@type\":\"EntryPoint\",\"urlTemplate\":\"https:\/\/summayhdistys.fi\/6D4iE\/?s={search_term_string}\"},\"query-input\":\"required name=search_term_string\"}],\"inLanguage\":\"fi\"},{\"@type\":\"Organization\",\"@id\":\"https:\/\/summayhdistys.fi\/6D4iE\/#organization\",\"name\":\"T\u00e4hti&Kuu Books Oy\",\"url\":\"https:\/\/summayhdistys.fi\/6D4iE\/\",\"logo\":{\"@type\":\"ImageObject\",\"inLanguage\":\"fi\",\"@id\":\"https:\/\/summayhdistys.fi\/6D4iE\/#\/schema\/logo\/image\/\",\"url\":\"https:\/\/summayhdistys.fi\/6D4iE\/wp-content\/uploads\/2021\/11\/Tahtikuu-logo-musta-smol_768px.png\",\"contentUrl\":\"https:\/\/summayhdistys.fi\/6D4iE\/wp-content\/uploads\/2021\/11\/Tahtikuu-logo-musta-smol_768px.png\",\"width\":768,\"height\":411,\"caption\":\"T\u00e4hti&Kuu Books Oy\"},\"image\":{\"@id\":\"https:\/\/summayhdistys.fi\/6D4iE\/#\/schema\/logo\/image\/\"},\"sameAs\":[\"https:\/\/facebook.com\/tahtikuubooks\",\"https:\/\/instagram.com\/tahtikuubooks\"]}]}<\/script>","yoast_head_json":{"title":"Profeettamme Muhammad(scw), Medinan vaihe osa 1 - T&auml;hti&amp;Kuu Books","robots":{"index":"index","follow":"follow","max-snippet":"max-snippet:-1","max-image-preview":"max-image-preview:large","max-video-preview":"max-video-preview:-1"},"canonical":"https:\/\/summayhdistys.fi\/6D4iE\/tuote\/1610\/","og_locale":"fi_FI","og_type":"article","og_title":"Profeettamme Muhammad(scw), Medinan vaihe osa 1 - T&auml;hti&amp;Kuu Books","og_description":"Profeetan el\u00e4m\u00e4kerta kertoo parhaasta ihmisest\u00e4, joka on k\u00e4vellyt maan p\u00e4\u00e4ll\u00e4. H\u00e4nen el\u00e4m\u00e4ns\u00e4, sanansa ja tekonsa ovat k\u00e4yt\u00e4nn\u00f6n esimerkki siit\u00e4, miten Allah tahtoo meid\u00e4n el\u00e4v\u00e4n. T\u00e4m\u00e4 Profeettamme Muhammad (SAW) kirjasarjan toinen osa k\u00e4sittelee Profeetan el\u00e4m\u00e4kertaa Medinan vaiheen aikana. T\u00e4m\u00e4 vaihe eroaa Mekan-vaiheesta siten, ett\u00e4 siin\u00e4 on erilaisia teht\u00e4vi\u00e4, opetuksia ja pohdintateht\u00e4vi\u00e4.  Teksti:  AbdulAziz Heinonen  Islamilaisen oikeustieteen maisteri, Medinan yliopisto  Aso Mohammadi  Islamin tieteiden maisteri  Medinan yliopisto &amp; Gaziosmanpa\u015fa \u00dcniversitesi, T\u00fcrkiye  ISBN: 978-952-65425-7-7  Painettu Suomessa  &nbsp;","og_url":"https:\/\/summayhdistys.fi\/6D4iE\/tuote\/1610\/","og_site_name":"T&auml;hti&amp;Kuu Books","article_publisher":"https:\/\/facebook.com\/tahtikuubooks","article_modified_time":"2025-08-25T20:28:26+00:00","og_image":[{"width":1280,"height":1001,"url":"https:\/\/summayhdistys.fi\/6D4iE\/wp-content\/uploads\/2025\/02\/WhatsApp-Image-2025-03-05-at-08.31.48.jpeg","type":"image\/jpeg"}],"twitter_card":"summary_large_image","schema":{"@context":"https:\/\/schema.org","@graph":[{"@type":"WebPage","@id":"https:\/\/summayhdistys.fi\/6D4iE\/tuote\/1610\/","url":"https:\/\/summayhdistys.fi\/6D4iE\/tuote\/1610\/","name":"Profeettamme Muhammad(scw), Medinan vaihe osa 1 - T&auml;hti&amp;Kuu Books","isPartOf":{"@id":"https:\/\/summayhdistys.fi\/6D4iE\/#website"},"primaryImageOfPage":{"@id":"https:\/\/summayhdistys.fi\/6D4iE\/tuote\/1610\/#primaryimage"},"image":{"@id":"https:\/\/summayhdistys.fi\/6D4iE\/tuote\/1610\/#primaryimage"},"thumbnailUrl":"https:\/\/summayhdistys.fi\/6D4iE\/wp-content\/uploads\/2025\/02\/WhatsApp-Image-2025-03-05-at-08.31.48.jpeg","datePublished":"2025-02-21T05:00:30+00:00","dateModified":"2025-08-25T20:28:26+00:00","breadcrumb":{"@id":"https:\/\/summayhdistys.fi\/6D4iE\/tuote\/1610\/#breadcrumb"},"inLanguage":"fi","potentialAction":[{"@type":"ReadAction","target":["https:\/\/summayhdistys.fi\/6D4iE\/tuote\/1610\/"]}]},{"@type":"ImageObject","inLanguage":"fi","@id":"https:\/\/summayhdistys.fi\/6D4iE\/tuote\/1610\/#primaryimage","url":"https:\/\/summayhdistys.fi\/6D4iE\/wp-content\/uploads\/2025\/02\/WhatsApp-Image-2025-03-05-at-08.31.48.jpeg","contentUrl":"https:\/\/summayhdistys.fi\/6D4iE\/wp-content\/uploads\/2025\/02\/WhatsApp-Image-2025-03-05-at-08.31.48.jpeg","width":1280,"height":1001},{"@type":"BreadcrumbList","@id":"https:\/\/summayhdistys.fi\/6D4iE\/tuote\/1610\/#breadcrumb","itemListElement":[{"@type":"ListItem","position":1,"name":"Etusivu","item":"https:\/\/summayhdistys.fi\/6D4iE\/"},{"@type":"ListItem","position":2,"name":"Kauppa-old","item":"https:\/\/summayhdistys.fi\/6D4iE\/kauppa-old\/"},{"@type":"ListItem","position":3,"name":"Profeettamme Muhammad(scw), Medinan vaihe osa 1"}]},{"@type":"WebSite","@id":"https:\/\/summayhdistys.fi\/6D4iE\/#website","url":"https:\/\/summayhdistys.fi\/6D4iE\/","name":"T&auml;hti&amp;Kuu Books","description":"T&auml;hti&amp;Kuu Books","publisher":{"@id":"https:\/\/summayhdistys.fi\/6D4iE\/#organization"},"potentialAction":[{"@type":"SearchAction","target":{"@type":"EntryPoint","urlTemplate":"https:\/\/summayhdistys.fi\/6D4iE\/?s={search_term_string}"},"query-input":"required name=search_term_string"}],"inLanguage":"fi"},{"@type":"Organization","@id":"https:\/\/summayhdistys.fi\/6D4iE\/#organization","name":"T\u00e4hti&Kuu Books Oy","url":"https:\/\/summayhdistys.fi\/6D4iE\/","logo":{"@type":"ImageObject","inLanguage":"fi","@id":"https:\/\/summayhdistys.fi\/6D4iE\/#\/schema\/logo\/image\/","url":"https:\/\/summayhdistys.fi\/6D4iE\/wp-content\/uploads\/2021\/11\/Tahtikuu-logo-musta-smol_768px.png","contentUrl":"https:\/\/summayhdistys.fi\/6D4iE\/wp-content\/uploads\/2021\/11\/Tahtikuu-logo-musta-smol_768px.png","width":768,"height":411,"caption":"T\u00e4hti&Kuu Books Oy"},"image":{"@id":"https:\/\/summayhdistys.fi\/6D4iE\/#\/schema\/logo\/image\/"},"sameAs":["https:\/\/facebook.com\/tahtikuubooks","https:\/\/instagram.com\/tahtikuubooks"]}]}},"_links":{"self":[{"href":"https:\/\/summayhdistys.fi\/6D4iE\/wp-json\/wp\/v2\/product\/1610"}],"collection":[{"href":"https:\/\/summayhdistys.fi\/6D4iE\/wp-json\/wp\/v2\/product"}],"about":[{"href":"https:\/\/summayhdistys.fi\/6D4iE\/wp-json\/wp\/v2\/types\/product"}],"wp:featuredmedia":[{"embeddable":true,"href":"https:\/\/summayhdistys.fi\/6D4iE\/wp-json\/wp\/v2\/media\/1629"}],"wp:attachment":[{"href":"https:\/\/summayhdistys.fi\/6D4iE\/wp-json\/wp\/v2\/media?parent=1610"}],"wp:term":[{"taxonomy":"product_cat","embeddable":true,"href":"https:\/\/summayhdistys.fi\/6D4iE\/wp-json\/wp\/v2\/product_cat?post=1610"},{"taxonomy":"product_tag","embeddable":true,"href":"https:\/\/summayhdistys.fi\/6D4iE\/wp-json\/wp\/v2\/product_tag?post=1610"}],"curies":[{"name":"wp","href":"https:\/\/api.w.org\/{rel}","templated":true}]}}